{"id":4863,"date":"2021-03-15T11:49:02","date_gmt":"2021-03-15T10:49:02","guid":{"rendered":"http:\/\/193.95.2.39\/?page_id=4863"},"modified":"2021-03-15T14:30:49","modified_gmt":"2021-03-15T13:30:49","slug":"derniers-articles","status":"publish","type":"page","link":"https:\/\/www.ena.tn\/fr\/derniers-articles\/","title":{"rendered":"Derniers Articles"},"content":{"rendered":"<ul class=\"wp-block-latest-posts__list has-dates alignleft wp-block-latest-posts\"><li><div class=\"wp-block-latest-posts__featured-image\"><img loading=\"lazy\" decoding=\"async\" width=\"660\" height=\"440\" src=\"https:\/\/www.ena.tn\/wp-content\/uploads\/2025\/06\/503719015_1004378708524703_8066749577882232781_n-1024x682.jpg\" class=\"attachment-large size-large wp-post-image\" alt=\"\" style=\"\" srcset=\"https:\/\/www.ena.tn\/wp-content\/uploads\/2025\/06\/503719015_1004378708524703_8066749577882232781_n-1024x682.jpg 1024w, https:\/\/www.ena.tn\/wp-content\/uploads\/2025\/06\/503719015_1004378708524703_8066749577882232781_n-300x200.jpg 300w, https:\/\/www.ena.tn\/wp-content\/uploads\/2025\/06\/503719015_1004378708524703_8066749577882232781_n-768x512.jpg 768w, https:\/\/www.ena.tn\/wp-content\/uploads\/2025\/06\/503719015_1004378708524703_8066749577882232781_n.jpg 1280w\" sizes=\"auto, (max-width: 660px) 100vw, 660px\" \/><\/div><a class=\"wp-block-latest-posts__post-title\" href=\"https:\/\/www.ena.tn\/fr\/elementor-29244\/\">Organisation d\u2019un s\u00e9minaire de formation en collaboration avec le minist\u00e8re de l\u2019Industrie des Mines et de l\u2019Energie et l\u2019Agence Japonaise de Coop\u00e9ration Internationale (JICA) \u00a0<\/a><time datetime=\"2025-06-03T10:00:03+01:00\" class=\"wp-block-latest-posts__post-date\">03\/06\/2025<\/time><div class=\"wp-block-latest-posts__post-excerpt\">Dans le cadre de la coop\u00e9ration entre l\u2019Ecole Nationale d\u2019Administration, le minist\u00e8re de l\u2019Industrie, des Mines et de l\u2019Energie et l\u2019Agence Japonaise de Coop\u00e9ration Internationale (JICA)la direction de l\u2019ENA a organis\u00e9, le 3 juin 2025 un s\u00e9minaire au profit des \u00e9l\u00e8ves de la deuxi\u00e8me p\u00e9riode du cycle sup\u00e9rieur sur l\u2019approche japonise KAIZEN. <\/div><\/li>\n<li><div class=\"wp-block-latest-posts__featured-image\"><img loading=\"lazy\" decoding=\"async\" width=\"660\" height=\"440\" src=\"https:\/\/www.ena.tn\/wp-content\/uploads\/2025\/06\/503838610_1004295181866389_6428694523477627458_n-1024x682.jpg\" class=\"attachment-large size-large wp-post-image\" alt=\"\" style=\"\" srcset=\"https:\/\/www.ena.tn\/wp-content\/uploads\/2025\/06\/503838610_1004295181866389_6428694523477627458_n-1024x682.jpg 1024w, https:\/\/www.ena.tn\/wp-content\/uploads\/2025\/06\/503838610_1004295181866389_6428694523477627458_n-300x200.jpg 300w, https:\/\/www.ena.tn\/wp-content\/uploads\/2025\/06\/503838610_1004295181866389_6428694523477627458_n-768x512.jpg 768w, https:\/\/www.ena.tn\/wp-content\/uploads\/2025\/06\/503838610_1004295181866389_6428694523477627458_n.jpg 1280w\" sizes=\"auto, (max-width: 660px) 100vw, 660px\" \/><\/div><a class=\"wp-block-latest-posts__post-title\" href=\"https:\/\/www.ena.tn\/fr\/elementor-29232\/\">S\u00e9minaire de formation de courte dur\u00e9e en collaboration avec la Haute Instance de la Commande Publique et la Banque Mondiale<\/a><time datetime=\"2025-06-02T09:50:36+01:00\" class=\"wp-block-latest-posts__post-date\">02\/06\/2025<\/time><div class=\"wp-block-latest-posts__post-excerpt\">L\u2019Ecole Nationale d\u2019Administration a organis\u00e9, le lundi 2 juin 2025, un s\u00e9minaire de formation en collaboration avec la Haute Instance de la Commande Publique aupr\u00e8s de la Pr\u00e9sidence du Gouvernement et la Banque Mondiale au profit des \u00e9l\u00e8ves de la deuxi\u00e8me p\u00e9riode du cycle sup\u00e9rieur<\/div><\/li>\n<li><div class=\"wp-block-latest-posts__featured-image\"><img loading=\"lazy\" decoding=\"async\" width=\"660\" height=\"495\" src=\"https:\/\/www.ena.tn\/wp-content\/uploads\/2025\/06\/502622075_1001581178804456_5007604195875738899_n-1-1024x768.jpg\" class=\"attachment-large size-large wp-post-image\" alt=\"\" style=\"\" srcset=\"https:\/\/www.ena.tn\/wp-content\/uploads\/2025\/06\/502622075_1001581178804456_5007604195875738899_n-1-1024x768.jpg 1024w, https:\/\/www.ena.tn\/wp-content\/uploads\/2025\/06\/502622075_1001581178804456_5007604195875738899_n-1-300x225.jpg 300w, https:\/\/www.ena.tn\/wp-content\/uploads\/2025\/06\/502622075_1001581178804456_5007604195875738899_n-1-768x576.jpg 768w, https:\/\/www.ena.tn\/wp-content\/uploads\/2025\/06\/502622075_1001581178804456_5007604195875738899_n-1.jpg 1280w\" sizes=\"auto, (max-width: 660px) 100vw, 660px\" \/><\/div><a class=\"wp-block-latest-posts__post-title\" href=\"https:\/\/www.ena.tn\/fr\/elementor-29226\/\">Visite d\u2019une d\u00e9l\u00e9gation d\u2019\u00e9l\u00e8ves de l\u2019Ecole Nationale d\u2019Administration d\u2019Alger\u00a0<\/a><time datetime=\"2025-05-31T11:02:35+01:00\" class=\"wp-block-latest-posts__post-date\">31\/05\/2025<\/time><div class=\"wp-block-latest-posts__post-excerpt\">Dans le cadre de la mise en \u0153uvre de la convention de coop\u00e9ration conclue entre l\u2019ENA de Tunis et l\u2019ENA d\u2019Alger, une d\u00e9l\u00e9gation d\u2019\u00e9l\u00e8ves de l\u2019institution alg\u00e9rienne, accompagn\u00e9e par le directeur des stages a effectu\u00e9 une visite \u00e0 l\u2019ENA de Tunis et ce durant la p\u00e9riode du 26 au 30 mai 2025.<\/div><\/li>\n<li><div class=\"wp-block-latest-posts__featured-image\"><img loading=\"lazy\" decoding=\"async\" width=\"584\" height=\"296\" src=\"https:\/\/www.ena.tn\/wp-content\/uploads\/2025\/06\/500810289_999923418970232_5037465636045593839_n.jpg\" class=\"attachment-large size-large wp-post-image\" alt=\"\" style=\"\" srcset=\"https:\/\/www.ena.tn\/wp-content\/uploads\/2025\/06\/500810289_999923418970232_5037465636045593839_n.jpg 584w, https:\/\/www.ena.tn\/wp-content\/uploads\/2025\/06\/500810289_999923418970232_5037465636045593839_n-300x152.jpg 300w\" sizes=\"auto, (max-width: 584px) 100vw, 584px\" \/><\/div><a class=\"wp-block-latest-posts__post-title\" href=\"https:\/\/www.ena.tn\/fr\/elementor-29238\/\">S\u00e9minaire de formation de courte dur\u00e9e en collaboration avec le Contr\u00f4le G\u00e9n\u00e9ral des Finances.<\/a><time datetime=\"2025-05-28T10:30:53+01:00\" class=\"wp-block-latest-posts__post-date\">28\/05\/2025<\/time><div class=\"wp-block-latest-posts__post-excerpt\">\nDans le cadre de la mise en \u0153uvre du programme de formation des \u00e9l\u00e8ves de la deuxi\u00e8me p\u00e9riode du cycle sup\u00e9rieur, int\u00e9grant le m\u00e9canisme de co-construction en collaboration avec les diff\u00e9rentes structures administratives, les instances de contr\u00f4le concern\u00e9es par le recrutement des conseillers des services publics et grades \u00e9quivalents, l\u2019Ecole Nationale d\u2019 Administration a  organis\u00e9 <\/div><\/li>\n<li><div class=\"wp-block-latest-posts__featured-image\"><img loading=\"lazy\" decoding=\"async\" width=\"660\" height=\"289\" src=\"https:\/\/www.ena.tn\/wp-content\/uploads\/2025\/04\/492556208_975790231383551_1545874170392022982_n-1-1024x449.jpg\" class=\"attachment-large size-large wp-post-image\" alt=\"\" style=\"\" srcset=\"https:\/\/www.ena.tn\/wp-content\/uploads\/2025\/04\/492556208_975790231383551_1545874170392022982_n-1-1024x449.jpg 1024w, https:\/\/www.ena.tn\/wp-content\/uploads\/2025\/04\/492556208_975790231383551_1545874170392022982_n-1-300x131.jpg 300w, https:\/\/www.ena.tn\/wp-content\/uploads\/2025\/04\/492556208_975790231383551_1545874170392022982_n-1-768x337.jpg 768w, https:\/\/www.ena.tn\/wp-content\/uploads\/2025\/04\/492556208_975790231383551_1545874170392022982_n-1.jpg 1280w\" sizes=\"auto, (max-width: 660px) 100vw, 660px\" \/><\/div><a class=\"wp-block-latest-posts__post-title\" href=\"https:\/\/www.ena.tn\/fr\/elementor-27448\/\">Organisation d\u2019un s\u00e9minaire de formation de courte dur\u00e9e au profit des \u00e9l\u00e8ves du cycle sup\u00e9rieur<\/a><time datetime=\"2025-04-15T12:00:00+01:00\" class=\"wp-block-latest-posts__post-date\">15\/04\/2025<\/time><div class=\"wp-block-latest-posts__post-excerpt\">Dans le cadre de la mise en \u0153uvre des s\u00e9minaires de formation de courte dur\u00e9e visant \u00e0 enrichir le programme de formation des \u00e9l\u00e8ves du cycle sup\u00e9rieur \u00e0 travers l\u2019instauration d\u2019un m\u00e9canisme de co-construction en collaboration avec les structures administratives <\/div><\/li>\n<\/ul>","protected":false},"excerpt":{"rendered":"","protected":false},"author":1,"featured_media":0,"parent":0,"menu_order":0,"comment_status":"closed","ping_status":"closed","template":"","meta":{"footnotes":""},"class_list":["post-4863","page","type-page","status-publish","hentry"],"_links":{"self":[{"href":"https:\/\/www.ena.tn\/fr\/wp-json\/wp\/v2\/pages\/4863","targetHints":{"allow":["GET"]}}],"collection":[{"href":"https:\/\/www.ena.tn\/fr\/wp-json\/wp\/v2\/pages"}],"about":[{"href":"https:\/\/www.ena.tn\/fr\/wp-json\/wp\/v2\/types\/page"}],"author":[{"embeddable":true,"href":"https:\/\/www.ena.tn\/fr\/wp-json\/wp\/v2\/users\/1"}],"replies":[{"embeddable":true,"href":"https:\/\/www.ena.tn\/fr\/wp-json\/wp\/v2\/comments?post=4863"}],"version-history":[{"count":1,"href":"https:\/\/www.ena.tn\/fr\/wp-json\/wp\/v2\/pages\/4863\/revisions"}],"predecessor-version":[{"id":4864,"href":"https:\/\/www.ena.tn\/fr\/wp-json\/wp\/v2\/pages\/4863\/revisions\/4864"}],"wp:attachment":[{"href":"https:\/\/www.ena.tn\/fr\/wp-json\/wp\/v2\/media?parent=4863"}],"curies":[{"name":"wp","href":"https:\/\/api.w.org\/{rel}","templated":true}]}}