{"id":8827,"date":"2021-04-15T17:22:59","date_gmt":"2021-04-15T16:22:59","guid":{"rendered":"http:\/\/193.95.2.39\/?page_id=8827"},"modified":"2021-04-17T18:28:59","modified_gmt":"2021-04-17T17:28:59","slug":"centre-dexpertise-et-de-recherches-administratives","status":"publish","type":"page","link":"https:\/\/www.ena.tn\/fr\/expertise-recherches-administratives\/centre-dexpertise-et-de-recherches-administratives\/","title":{"rendered":"Centre d\u2019Expertise et de Recherches Administratives"},"content":{"rendered":"\t\t<div data-elementor-type=\"wp-page\" data-elementor-id=\"8827\" class=\"elementor elementor-8827\" data-elementor-settings=\"[]\">\n\t\t\t\t\t\t\t<div class=\"elementor-section-wrap\">\n\t\t\t\t\t\t\t<section class=\"elementor-section elementor-top-section elementor-element elementor-element-c0c615d elementor-section-boxed elementor-section-height-default elementor-section-height-default\" data-id=\"c0c615d\" data-element_type=\"section\">\n\t\t\t\t\t\t<div class=\"elementor-container elementor-column-gap-default\">\n\t\t\t\t\t<div class=\"elementor-column elementor-col-50 elementor-top-column elementor-element elementor-element-57caff5\" data-id=\"57caff5\" data-element_type=\"column\">\n\t\t\t<div class=\"elementor-widget-wrap elementor-element-populated\">\n\t\t\t\t\t\t\t\t<div class=\"elementor-element elementor-element-b6d6c3e elementor-widget elementor-widget-heading\" data-id=\"b6d6c3e\" data-element_type=\"widget\" data-widget_type=\"heading.default\">\n\t\t\t\t<div class=\"elementor-widget-container\">\n\t\t\t<h2 class=\"elementor-heading-title elementor-size-default\">Centre d\u2019Expertise et de Recherches Administratives<\/h2>\t\t<\/div>\n\t\t\t\t<\/div>\n\t\t\t\t<div class=\"elementor-element elementor-element-4594257 elementor-widget elementor-widget-text-editor\" data-id=\"4594257\" data-element_type=\"widget\" data-widget_type=\"text-editor.default\">\n\t\t\t\t<div class=\"elementor-widget-container\">\n\t\t\t\t\t<div class=\"elementor-text-editor elementor-clearfix\"><p><span style=\"color: #000000;\">Le Centre d\u2019Expertise et de Recherches Administratives a \u00e9t\u00e9 cr\u00e9e en 1964 par la loi 64-44 du 3 novembre 1964 (Nomm\u00e9 Centre de Recherches et d\u2019Etudes Administratives).<\/span><\/p><p><span style=\"color: #000000;\">En 2007 par le d\u00e9cret 2007-1885 fixant l\u2019organisation administrative et financi\u00e8re de l\u2019\u00e9cole nationale d\u2019administration, ses fonctions ont \u00e9t\u00e9 \u00e9largies, et assure d\u00e9sormais les fonctions suivantes\u00a0:<\/span><\/p><\/div>\n\t\t\t\t<\/div>\n\t\t\t\t<\/div>\n\t\t\t\t\t<\/div>\n\t\t<\/div>\n\t\t\t\t<div class=\"elementor-column elementor-col-50 elementor-top-column elementor-element elementor-element-10b1990\" data-id=\"10b1990\" data-element_type=\"column\">\n\t\t\t<div class=\"elementor-widget-wrap elementor-element-populated\">\n\t\t\t\t\t\t\t\t<div class=\"elementor-element elementor-element-a82b515 elementor-widget elementor-widget-image\" data-id=\"a82b515\" data-element_type=\"widget\" data-widget_type=\"image.default\">\n\t\t\t\t<div class=\"elementor-widget-container\">\n\t\t\t\t\t<div class=\"elementor-image\">\n\t\t\t\t\t\t\t\t\t\t<img loading=\"lazy\" decoding=\"async\" width=\"660\" height=\"440\" src=\"https:\/\/www.ena.tn\/wp-content\/uploads\/2021\/04\/slider-1-1024x683.jpg\" class=\"attachment-large size-large\" alt=\"\" srcset=\"https:\/\/www.ena.tn\/wp-content\/uploads\/2021\/04\/slider-1-1024x683.jpg 1024w, https:\/\/www.ena.tn\/wp-content\/uploads\/2021\/04\/slider-1-300x200.jpg 300w, https:\/\/www.ena.tn\/wp-content\/uploads\/2021\/04\/slider-1-768x512.jpg 768w, https:\/\/www.ena.tn\/wp-content\/uploads\/2021\/04\/slider-1-1536x1024.jpg 1536w, https:\/\/www.ena.tn\/wp-content\/uploads\/2021\/04\/slider-1-2048x1365.jpg 2048w\" sizes=\"auto, (max-width: 660px) 100vw, 660px\" \/>\t\t\t\t\t\t\t\t\t\t\t<\/div>\n\t\t\t\t<\/div>\n\t\t\t\t<\/div>\n\t\t\t\t\t<\/div>\n\t\t<\/div>\n\t\t\t\t\t\t\t<\/div>\n\t\t<\/section>\n\t\t\t\t<section class=\"elementor-section elementor-top-section elementor-element elementor-element-5757c3d elementor-section-boxed elementor-section-height-default elementor-section-height-default\" data-id=\"5757c3d\" data-element_type=\"section\">\n\t\t\t\t\t\t<div class=\"elementor-container elementor-column-gap-default\">\n\t\t\t\t\t<div class=\"elementor-column elementor-col-50 elementor-top-column elementor-element elementor-element-1c900aa\" data-id=\"1c900aa\" data-element_type=\"column\">\n\t\t\t<div class=\"elementor-widget-wrap elementor-element-populated\">\n\t\t\t\t\t\t\t\t<div class=\"elementor-element elementor-element-115ecc7 elementor-icon-list--layout-traditional elementor-list-item-link-full_width elementor-widget elementor-widget-icon-list\" data-id=\"115ecc7\" data-element_type=\"widget\" data-widget_type=\"icon-list.default\">\n\t\t\t\t<div class=\"elementor-widget-container\">\n\t\t\t\t\t<ul class=\"elementor-icon-list-items\">\n\t\t\t\t\t\t\t<li class=\"elementor-icon-list-item\">\n\t\t\t\t\t\t\t\t\t\t\t<span class=\"elementor-icon-list-icon\">\n\t\t\t\t\t\t\t<i aria-hidden=\"true\" class=\"fas fa-check\"><\/i>\t\t\t\t\t\t<\/span>\n\t\t\t\t\t\t\t\t\t\t<span class=\"elementor-icon-list-text\">la r\u00e9alisation d\u2019\u00e9tudes \u00e0 la demande et au profit de l\u2019administration et des \u00e9tablissements et entreprises publics<\/span>\n\t\t\t\t\t\t\t\t\t<\/li>\n\t\t\t\t\t\t\t\t<li class=\"elementor-icon-list-item\">\n\t\t\t\t\t\t\t\t\t\t\t<span class=\"elementor-icon-list-icon\">\n\t\t\t\t\t\t\t<i aria-hidden=\"true\" class=\"fas fa-check\"><\/i>\t\t\t\t\t\t<\/span>\n\t\t\t\t\t\t\t\t\t\t<span class=\"elementor-icon-list-text\">la r\u00e9alisation d\u2019\u00e9tudes compar\u00e9es portant sur les modes de gestion publique et sur les syst\u00e8mes administratifs et leur publication<\/span>\n\t\t\t\t\t\t\t\t\t<\/li>\n\t\t\t\t\t\t\t\t<li class=\"elementor-icon-list-item\">\n\t\t\t\t\t\t\t\t\t\t\t<span class=\"elementor-icon-list-icon\">\n\t\t\t\t\t\t\t<i aria-hidden=\"true\" class=\"fas fa-check\"><\/i>\t\t\t\t\t\t<\/span>\n\t\t\t\t\t\t\t\t\t\t<span class=\"elementor-icon-list-text\">la mise en place d\u2019une banque de donn\u00e9es sur les recherches et les \u00e9tudes portant sur la r\u00e9forme de l\u2019administration publique et sa modernisation, ainsi que le suivi de l\u2019actualit\u00e9 dans tous les domaines de la gestion publique<\/span>\n\t\t\t\t\t\t\t\t\t<\/li>\n\t\t\t\t\t\t\t\t<li class=\"elementor-icon-list-item\">\n\t\t\t\t\t\t\t\t\t\t\t<span class=\"elementor-icon-list-icon\">\n\t\t\t\t\t\t\t<i aria-hidden=\"true\" class=\"fas fa-check\"><\/i>\t\t\t\t\t\t<\/span>\n\t\t\t\t\t\t\t\t\t\t<span class=\"elementor-icon-list-text\">la promotion de la coop\u00e9ration avec les centres similaires, les r\u00e9seaux internationaux et les universit\u00e9s<\/span>\n\t\t\t\t\t\t\t\t\t<\/li>\n\t\t\t\t\t\t<\/ul>\n\t\t\t\t<\/div>\n\t\t\t\t<\/div>\n\t\t\t\t\t<\/div>\n\t\t<\/div>\n\t\t\t\t<div class=\"elementor-column elementor-col-50 elementor-top-column elementor-element elementor-element-7d8c746\" data-id=\"7d8c746\" data-element_type=\"column\">\n\t\t\t<div class=\"elementor-widget-wrap elementor-element-populated\">\n\t\t\t\t\t\t\t\t<div class=\"elementor-element elementor-element-871907c elementor-icon-list--layout-traditional elementor-list-item-link-full_width elementor-widget elementor-widget-icon-list\" data-id=\"871907c\" data-element_type=\"widget\" data-widget_type=\"icon-list.default\">\n\t\t\t\t<div class=\"elementor-widget-container\">\n\t\t\t\t\t<ul class=\"elementor-icon-list-items\">\n\t\t\t\t\t\t\t<li class=\"elementor-icon-list-item\">\n\t\t\t\t\t\t\t\t\t\t\t<span class=\"elementor-icon-list-icon\">\n\t\t\t\t\t\t\t<i aria-hidden=\"true\" class=\"fas fa-check\"><\/i>\t\t\t\t\t\t<\/span>\n\t\t\t\t\t\t\t\t\t\t<span class=\"elementor-icon-list-text\">la gestion de la biblioth\u00e8que et la modernisation de son fonds documentaire relatif \u00e0 l\u2019administration publique, les sciences administratives et les modes de gestion publique<\/span>\n\t\t\t\t\t\t\t\t\t<\/li>\n\t\t\t\t\t\t\t\t<li class=\"elementor-icon-list-item\">\n\t\t\t\t\t\t\t\t\t\t\t<span class=\"elementor-icon-list-icon\">\n\t\t\t\t\t\t\t<i aria-hidden=\"true\" class=\"fas fa-check\"><\/i>\t\t\t\t\t\t<\/span>\n\t\t\t\t\t\t\t\t\t\t<span class=\"elementor-icon-list-text\">l\u2019\u00e9laboration et la publication de supports et ouvrages p\u00e9dagogiques pouvant aider les \u00e9l\u00e8ves dans leurs \u00e9tudes<\/span>\n\t\t\t\t\t\t\t\t\t<\/li>\n\t\t\t\t\t\t\t\t<li class=\"elementor-icon-list-item\">\n\t\t\t\t\t\t\t\t\t\t\t<span class=\"elementor-icon-list-icon\">\n\t\t\t\t\t\t\t<i aria-hidden=\"true\" class=\"fas fa-check\"><\/i>\t\t\t\t\t\t<\/span>\n\t\t\t\t\t\t\t\t\t\t<span class=\"elementor-icon-list-text\">l\u2019organisation de s\u00e9minaires, de colloques et de journ\u00e9es d\u2019\u00e9tudes portant sur des questions relatives \u00e0 l\u2019administration publique, les sciences administratives et la gestion publique<\/span>\n\t\t\t\t\t\t\t\t\t<\/li>\n\t\t\t\t\t\t<\/ul>\n\t\t\t\t<\/div>\n\t\t\t\t<\/div>\n\t\t\t\t\t<\/div>\n\t\t<\/div>\n\t\t\t\t\t\t\t<\/div>\n\t\t<\/section>\n\t\t\t\t<section class=\"elementor-section elementor-top-section elementor-element elementor-element-5e537f9 elementor-section-boxed elementor-section-height-default elementor-section-height-default\" data-id=\"5e537f9\" data-element_type=\"section\" data-settings=\"{&quot;background_background&quot;:&quot;classic&quot;}\">\n\t\t\t\t\t\t<div class=\"elementor-container elementor-column-gap-default\">\n\t\t\t\t\t<div class=\"elementor-column elementor-col-50 elementor-top-column elementor-element elementor-element-c9dafdc\" data-id=\"c9dafdc\" data-element_type=\"column\">\n\t\t\t<div class=\"elementor-widget-wrap elementor-element-populated\">\n\t\t\t\t\t\t\t\t<div class=\"elementor-element elementor-element-fc19821 elementor-widget elementor-widget-image\" data-id=\"fc19821\" data-element_type=\"widget\" data-widget_type=\"image.default\">\n\t\t\t\t<div class=\"elementor-widget-container\">\n\t\t\t\t\t<div class=\"elementor-image\">\n\t\t\t\t\t\t\t\t\t\t<img loading=\"lazy\" decoding=\"async\" width=\"660\" height=\"440\" src=\"https:\/\/www.ena.tn\/wp-content\/uploads\/2021\/04\/IMG_4405-1024x683.jpg\" class=\"attachment-large size-large\" alt=\"\" srcset=\"https:\/\/www.ena.tn\/wp-content\/uploads\/2021\/04\/IMG_4405-1024x683.jpg 1024w, https:\/\/www.ena.tn\/wp-content\/uploads\/2021\/04\/IMG_4405-300x200.jpg 300w, https:\/\/www.ena.tn\/wp-content\/uploads\/2021\/04\/IMG_4405-768x512.jpg 768w, https:\/\/www.ena.tn\/wp-content\/uploads\/2021\/04\/IMG_4405-1536x1024.jpg 1536w, https:\/\/www.ena.tn\/wp-content\/uploads\/2021\/04\/IMG_4405-2048x1365.jpg 2048w\" sizes=\"auto, (max-width: 660px) 100vw, 660px\" \/>\t\t\t\t\t\t\t\t\t\t\t<\/div>\n\t\t\t\t<\/div>\n\t\t\t\t<\/div>\n\t\t\t\t\t<\/div>\n\t\t<\/div>\n\t\t\t\t<div class=\"elementor-column elementor-col-50 elementor-top-column elementor-element elementor-element-89523c3\" data-id=\"89523c3\" data-element_type=\"column\">\n\t\t\t<div class=\"elementor-widget-wrap elementor-element-populated\">\n\t\t\t\t\t\t\t\t<div class=\"elementor-element elementor-element-25e75b5 elementor-widget elementor-widget-text-editor\" data-id=\"25e75b5\" data-element_type=\"widget\" data-widget_type=\"text-editor.default\">\n\t\t\t\t<div class=\"elementor-widget-container\">\n\t\t\t\t\t<div class=\"elementor-text-editor elementor-clearfix\"><p><span style=\"color: #000000;\">Un\u00a0<strong>comit\u00e9 scientifique<\/strong>\u00a0est rattach\u00e9 au centre d\u2019expertise et de recherches administratives, charg\u00e9 de l\u2019\u00e9laboration des programmes de recherches et d\u2019\u00e9tudes, ainsi que de l\u2019\u00e9valuation des travaux r\u00e9alis\u00e9s et du suivi de leur publication.<\/span><\/p><\/div>\n\t\t\t\t<\/div>\n\t\t\t\t<\/div>\n\t\t\t\t\t<\/div>\n\t\t<\/div>\n\t\t\t\t\t\t\t<\/div>\n\t\t<\/section>\n\t\t\t\t<section class=\"elementor-section elementor-top-section elementor-element elementor-element-5a3199c elementor-section-boxed elementor-section-height-default elementor-section-height-default\" data-id=\"5a3199c\" data-element_type=\"section\">\n\t\t\t\t\t\t<div class=\"elementor-container elementor-column-gap-default\">\n\t\t\t\t\t<div class=\"elementor-column elementor-col-50 elementor-top-column elementor-element elementor-element-0ba5598\" data-id=\"0ba5598\" data-element_type=\"column\">\n\t\t\t<div class=\"elementor-widget-wrap elementor-element-populated\">\n\t\t\t\t\t\t\t\t<div class=\"elementor-element elementor-element-b21033d elementor-widget elementor-widget-text-editor\" data-id=\"b21033d\" data-element_type=\"widget\" data-widget_type=\"text-editor.default\">\n\t\t\t\t<div class=\"elementor-widget-container\">\n\t\t\t\t\t<div class=\"elementor-text-editor elementor-clearfix\"><p><span style=\"color: #000000;\">Par arr\u00eat\u00e9 du chef du gouvernement en date du 20 mai 2019, le comit\u00e9 scientifique du Centre d\u2019Expertise et de Recherches Administratives est compos\u00e9 de :<\/span><br \/><span style=\"color: #000000;\"><strong>Pr\u00e9sidente<\/strong>\u00a0:\u00a0<strong>Mme Asma SHIRI LAABIDI,<\/strong>\u00a0Directrice de l\u2019Ecole Nationale d\u2019Administration<\/span><\/p><\/div>\n\t\t\t\t<\/div>\n\t\t\t\t<\/div>\n\t\t\t\t<div class=\"elementor-element elementor-element-4600054 elementor-icon-list--layout-traditional elementor-list-item-link-full_width elementor-widget elementor-widget-icon-list\" data-id=\"4600054\" data-element_type=\"widget\" data-widget_type=\"icon-list.default\">\n\t\t\t\t<div class=\"elementor-widget-container\">\n\t\t\t\t\t<ul class=\"elementor-icon-list-items\">\n\t\t\t\t\t\t\t<li class=\"elementor-icon-list-item\">\n\t\t\t\t\t\t\t\t\t\t\t<span class=\"elementor-icon-list-icon\">\n\t\t\t\t\t\t\t<i aria-hidden=\"true\" class=\"fas fa-check\"><\/i>\t\t\t\t\t\t<\/span>\n\t\t\t\t\t\t\t\t\t\t<span class=\"elementor-icon-list-text\">Mme Khaoula Labidi : directeur g\u00e9n\u00e9ral de la formation et du perfectionnement au minist\u00e8re de la fonction publique, de la modernisation de l\u2019administration et des politiques publiques<\/span>\n\t\t\t\t\t\t\t\t\t<\/li>\n\t\t\t\t\t\t\t\t<li class=\"elementor-icon-list-item\">\n\t\t\t\t\t\t\t\t\t\t\t<span class=\"elementor-icon-list-icon\">\n\t\t\t\t\t\t\t<i aria-hidden=\"true\" class=\"fas fa-check\"><\/i>\t\t\t\t\t\t<\/span>\n\t\t\t\t\t\t\t\t\t\t<span class=\"elementor-icon-list-text\">Mr Mohamed Sami Ben Romdhane : directeur g\u00e9n\u00e9ral de l\u2019administration et de la fonction publique au minist\u00e8re de la fonction publique, de la modernisation de l\u2019administration et des politiques publiques<\/span>\n\t\t\t\t\t\t\t\t\t<\/li>\n\t\t\t\t\t\t\t\t<li class=\"elementor-icon-list-item\">\n\t\t\t\t\t\t\t\t\t\t\t<span class=\"elementor-icon-list-icon\">\n\t\t\t\t\t\t\t<i aria-hidden=\"true\" class=\"fas fa-check\"><\/i>\t\t\t\t\t\t<\/span>\n\t\t\t\t\t\t\t\t\t\t<span class=\"elementor-icon-list-text\">Mr Ahmed Souheil Raii : commissaire d\u2019Etat au tribunal administratif<\/span>\n\t\t\t\t\t\t\t\t\t<\/li>\n\t\t\t\t\t\t\t\t<li class=\"elementor-icon-list-item\">\n\t\t\t\t\t\t\t\t\t\t\t<span class=\"elementor-icon-list-icon\">\n\t\t\t\t\t\t\t<i aria-hidden=\"true\" class=\"fas fa-check\"><\/i>\t\t\t\t\t\t<\/span>\n\t\t\t\t\t\t\t\t\t\t<span class=\"elementor-icon-list-text\">Mr Mohamed Sayari : professeur de l\u2019enseignement sup\u00e9rieur en droit public<\/span>\n\t\t\t\t\t\t\t\t\t<\/li>\n\t\t\t\t\t\t\t\t<li class=\"elementor-icon-list-item\">\n\t\t\t\t\t\t\t\t\t\t\t<span class=\"elementor-icon-list-icon\">\n\t\t\t\t\t\t\t<i aria-hidden=\"true\" class=\"fas fa-check\"><\/i>\t\t\t\t\t\t<\/span>\n\t\t\t\t\t\t\t\t\t\t<span class=\"elementor-icon-list-text\">Mr Majdi Hssan : ma\u00eetre assistant en sciences \u00e9conomiques et gestion<\/span>\n\t\t\t\t\t\t\t\t\t<\/li>\n\t\t\t\t\t\t\t\t<li class=\"elementor-icon-list-item\">\n\t\t\t\t\t\t\t\t\t\t\t<span class=\"elementor-icon-list-icon\">\n\t\t\t\t\t\t\t<i aria-hidden=\"true\" class=\"fas fa-check\"><\/i>\t\t\t\t\t\t<\/span>\n\t\t\t\t\t\t\t\t\t\t<span class=\"elementor-icon-list-text\">Mr Maher Kammoun : Haut cadre en retraite<\/span>\n\t\t\t\t\t\t\t\t\t<\/li>\n\t\t\t\t\t\t\t\t<li class=\"elementor-icon-list-item\">\n\t\t\t\t\t\t\t\t\t\t\t<span class=\"elementor-icon-list-icon\">\n\t\t\t\t\t\t\t<i aria-hidden=\"true\" class=\"fas fa-check\"><\/i>\t\t\t\t\t\t<\/span>\n\t\t\t\t\t\t\t\t\t\t<span class=\"elementor-icon-list-text\">Mr Ridha Abdelhafidh : Haut cadre en retraite<\/span>\n\t\t\t\t\t\t\t\t\t<\/li>\n\t\t\t\t\t\t\t\t<li class=\"elementor-icon-list-item\">\n\t\t\t\t\t\t\t\t\t\t\t<span class=\"elementor-icon-list-icon\">\n\t\t\t\t\t\t\t<i aria-hidden=\"true\" class=\"fas fa-check\"><\/i>\t\t\t\t\t\t<\/span>\n\t\t\t\t\t\t\t\t\t\t<span class=\"elementor-icon-list-text\">Mr Adel Ben Yakhlef : Haut cadre en retraite<\/span>\n\t\t\t\t\t\t\t\t\t<\/li>\n\t\t\t\t\t\t\t\t<li class=\"elementor-icon-list-item\">\n\t\t\t\t\t\t\t\t\t\t\t<span class=\"elementor-icon-list-icon\">\n\t\t\t\t\t\t\t<i aria-hidden=\"true\" class=\"fas fa-check\"><\/i>\t\t\t\t\t\t<\/span>\n\t\t\t\t\t\t\t\t\t\t<span class=\"elementor-icon-list-text\">Mr Directeur du Centre d\u2019Expertise et de Recherches Administratives<\/span>\n\t\t\t\t\t\t\t\t\t<\/li>\n\t\t\t\t\t\t<\/ul>\n\t\t\t\t<\/div>\n\t\t\t\t<\/div>\n\t\t\t\t\t<\/div>\n\t\t<\/div>\n\t\t\t\t<div class=\"elementor-column elementor-col-50 elementor-top-column elementor-element elementor-element-56df480\" data-id=\"56df480\" data-element_type=\"column\">\n\t\t\t<div class=\"elementor-widget-wrap elementor-element-populated\">\n\t\t\t\t\t\t\t\t<div class=\"elementor-element elementor-element-ed1a239 elementor-absolute elementor-widget elementor-widget-image\" data-id=\"ed1a239\" data-element_type=\"widget\" data-settings=\"{&quot;_position&quot;:&quot;absolute&quot;}\" data-widget_type=\"image.default\">\n\t\t\t\t<div class=\"elementor-widget-container\">\n\t\t\t\t\t<div class=\"elementor-image\">\n\t\t\t\t\t\t\t\t\t\t<img loading=\"lazy\" decoding=\"async\" width=\"660\" height=\"440\" src=\"https:\/\/www.ena.tn\/wp-content\/uploads\/2021\/04\/IMG_4387-1024x683.jpg\" class=\"attachment-large size-large\" alt=\"\" srcset=\"https:\/\/www.ena.tn\/wp-content\/uploads\/2021\/04\/IMG_4387-1024x683.jpg 1024w, https:\/\/www.ena.tn\/wp-content\/uploads\/2021\/04\/IMG_4387-300x200.jpg 300w, https:\/\/www.ena.tn\/wp-content\/uploads\/2021\/04\/IMG_4387-768x512.jpg 768w, https:\/\/www.ena.tn\/wp-content\/uploads\/2021\/04\/IMG_4387-1536x1024.jpg 1536w, https:\/\/www.ena.tn\/wp-content\/uploads\/2021\/04\/IMG_4387-2048x1365.jpg 2048w\" sizes=\"auto, (max-width: 660px) 100vw, 660px\" \/>\t\t\t\t\t\t\t\t\t\t\t<\/div>\n\t\t\t\t<\/div>\n\t\t\t\t<\/div>\n\t\t\t\t\t<\/div>\n\t\t<\/div>\n\t\t\t\t\t\t\t<\/div>\n\t\t<\/section>\n\t\t\t\t<section class=\"elementor-section elementor-top-section elementor-element elementor-element-3b0d364 elementor-section-boxed elementor-section-height-default elementor-section-height-default\" data-id=\"3b0d364\" data-element_type=\"section\">\n\t\t\t\t\t\t<div class=\"elementor-container elementor-column-gap-default\">\n\t\t\t\t\t<div class=\"elementor-column elementor-col-50 elementor-top-column elementor-element elementor-element-d8573d8\" data-id=\"d8573d8\" data-element_type=\"column\">\n\t\t\t<div class=\"elementor-widget-wrap elementor-element-populated\">\n\t\t\t\t\t\t\t\t<div class=\"elementor-element elementor-element-16a1354 elementor-widget elementor-widget-heading\" data-id=\"16a1354\" data-element_type=\"widget\" data-widget_type=\"heading.default\">\n\t\t\t\t<div class=\"elementor-widget-container\">\n\t\t\t<h3 class=\"elementor-heading-title elementor-size-default\">Expertise et Recherches<\/h3>\t\t<\/div>\n\t\t\t\t<\/div>\n\t\t\t\t<div class=\"elementor-element elementor-element-49bd19d elementor-widget elementor-widget-text-editor\" data-id=\"49bd19d\" data-element_type=\"widget\" data-widget_type=\"text-editor.default\">\n\t\t\t\t<div class=\"elementor-widget-container\">\n\t\t\t\t\t<div class=\"elementor-text-editor elementor-clearfix\"><p><span style=\"color: #000000;\">Afin de r\u00e9aliser des \u00e9tudes, des expertises et des recherches au profit des administrations, des \u00e9tablissements et des entreprises publics, le CERA en 2018, a r\u00e9alis\u00e9 des contrats avec\u00a0 un groupe d\u2019experts qui sera le noyau d\u2019une \u00e9quipe d\u2019expertise.<\/span><\/p><p><span style=\"color: #000000;\">Cette \u00e9quipe animera une plate forme de r\u00e9flexion qui sera un espace de concertation entre experts du secteur public et priv\u00e9, ouvert \u00e0 toutes les exp\u00e9riences nationales et \u00e9trang\u00e8res, pour la pr\u00e9paration d\u2019\u00e9tudes et la formulation de propositions concr\u00e8tes dans le domaine de la gestion et de la recherche administrative. A cet effet seront organis\u00e9es des activit\u00e9s telles que:<\/span><\/p><\/div>\n\t\t\t\t<\/div>\n\t\t\t\t<\/div>\n\t\t\t\t<div class=\"elementor-element elementor-element-8824ebf elementor-icon-list--layout-traditional elementor-list-item-link-full_width elementor-widget elementor-widget-icon-list\" data-id=\"8824ebf\" data-element_type=\"widget\" data-widget_type=\"icon-list.default\">\n\t\t\t\t<div class=\"elementor-widget-container\">\n\t\t\t\t\t<ul class=\"elementor-icon-list-items\">\n\t\t\t\t\t\t\t<li class=\"elementor-icon-list-item\">\n\t\t\t\t\t\t\t\t\t\t\t<span class=\"elementor-icon-list-icon\">\n\t\t\t\t\t\t\t<i aria-hidden=\"true\" class=\"fas fa-check\"><\/i>\t\t\t\t\t\t<\/span>\n\t\t\t\t\t\t\t\t\t\t<span class=\"elementor-icon-list-text\">des conf\u00e9rences, s\u00e9minaires, tables rondes et ateliers<\/span>\n\t\t\t\t\t\t\t\t\t<\/li>\n\t\t\t\t\t\t\t\t<li class=\"elementor-icon-list-item\">\n\t\t\t\t\t\t\t\t\t\t\t<span class=\"elementor-icon-list-icon\">\n\t\t\t\t\t\t\t<i aria-hidden=\"true\" class=\"fas fa-check\"><\/i>\t\t\t\t\t\t<\/span>\n\t\t\t\t\t\t\t\t\t\t<span class=\"elementor-icon-list-text\">des activit\u00e9s de recherche li\u00e9es aux questions administratives<\/span>\n\t\t\t\t\t\t\t\t\t<\/li>\n\t\t\t\t\t\t\t\t<li class=\"elementor-icon-list-item\">\n\t\t\t\t\t\t\t\t\t\t\t<span class=\"elementor-icon-list-icon\">\n\t\t\t\t\t\t\t<i aria-hidden=\"true\" class=\"fas fa-check\"><\/i>\t\t\t\t\t\t<\/span>\n\t\t\t\t\t\t\t\t\t\t<span class=\"elementor-icon-list-text\">des cours de formation<\/span>\n\t\t\t\t\t\t\t\t\t<\/li>\n\t\t\t\t\t\t\t\t<li class=\"elementor-icon-list-item\">\n\t\t\t\t\t\t\t\t\t\t\t<span class=\"elementor-icon-list-icon\">\n\t\t\t\t\t\t\t<i aria-hidden=\"true\" class=\"fas fa-check\"><\/i>\t\t\t\t\t\t<\/span>\n\t\t\t\t\t\t\t\t\t\t<span class=\"elementor-icon-list-text\">un forum national ou international pour recueillir des opinions et des documents sous forme de recherches et d'\u00e9tudes et les publier dans les publications du Centre d'expertise et de recherche.<\/span>\n\t\t\t\t\t\t\t\t\t<\/li>\n\t\t\t\t\t\t<\/ul>\n\t\t\t\t<\/div>\n\t\t\t\t<\/div>\n\t\t\t\t\t<\/div>\n\t\t<\/div>\n\t\t\t\t<div class=\"elementor-column elementor-col-50 elementor-top-column elementor-element elementor-element-6c53dd1\" data-id=\"6c53dd1\" data-element_type=\"column\">\n\t\t\t<div class=\"elementor-widget-wrap elementor-element-populated\">\n\t\t\t\t\t\t\t\t<div class=\"elementor-element elementor-element-13c2997 elementor-widget elementor-widget-image\" data-id=\"13c2997\" data-element_type=\"widget\" data-widget_type=\"image.default\">\n\t\t\t\t<div class=\"elementor-widget-container\">\n\t\t\t\t\t<div class=\"elementor-image\">\n\t\t\t\t\t\t\t\t\t\t<img loading=\"lazy\" decoding=\"async\" width=\"639\" height=\"1024\" src=\"https:\/\/www.ena.tn\/wp-content\/uploads\/2021\/04\/IMG_43901-639x1024.jpg\" class=\"attachment-large size-large\" alt=\"\" srcset=\"https:\/\/www.ena.tn\/wp-content\/uploads\/2021\/04\/IMG_43901-639x1024.jpg 639w, https:\/\/www.ena.tn\/wp-content\/uploads\/2021\/04\/IMG_43901-187x300.jpg 187w, https:\/\/www.ena.tn\/wp-content\/uploads\/2021\/04\/IMG_43901-768x1231.jpg 768w, https:\/\/www.ena.tn\/wp-content\/uploads\/2021\/04\/IMG_43901-958x1536.jpg 958w, https:\/\/www.ena.tn\/wp-content\/uploads\/2021\/04\/IMG_43901.jpg 1180w\" sizes=\"auto, (max-width: 639px) 100vw, 639px\" \/>\t\t\t\t\t\t\t\t\t\t\t<\/div>\n\t\t\t\t<\/div>\n\t\t\t\t<\/div>\n\t\t\t\t\t<\/div>\n\t\t<\/div>\n\t\t\t\t\t\t\t<\/div>\n\t\t<\/section>\n\t\t\t\t<section class=\"elementor-section elementor-top-section elementor-element elementor-element-bd6d791 elementor-section-boxed elementor-section-height-default elementor-section-height-default\" data-id=\"bd6d791\" data-element_type=\"section\">\n\t\t\t\t\t\t<div class=\"elementor-container elementor-column-gap-default\">\n\t\t\t\t\t<div class=\"elementor-column elementor-col-100 elementor-top-column elementor-element elementor-element-1bd411d\" data-id=\"1bd411d\" data-element_type=\"column\">\n\t\t\t<div class=\"elementor-widget-wrap elementor-element-populated\">\n\t\t\t\t\t\t\t\t<div class=\"elementor-element elementor-element-088f90e elementor-widget elementor-widget-heading\" data-id=\"088f90e\" data-element_type=\"widget\" data-widget_type=\"heading.default\">\n\t\t\t\t<div class=\"elementor-widget-container\">\n\t\t\t<h2 class=\"elementor-heading-title elementor-size-default\">Publications<\/h2>\t\t<\/div>\n\t\t\t\t<\/div>\n\t\t\t\t<div class=\"elementor-element elementor-element-2f8227a elementor-widget elementor-widget-text-editor\" data-id=\"2f8227a\" data-element_type=\"widget\" data-widget_type=\"text-editor.default\">\n\t\t\t\t<div class=\"elementor-widget-container\">\n\t\t\t\t\t<div class=\"elementor-text-editor elementor-clearfix\">\n<span style=\"color: #000000;\">Parmi les t\u00e2ches confi\u00e9es au Centre d\u2019Expertise et de Recherches Administratives conform\u00e9ment aux dispositions du d\u00e9cret N \u00b0 1885 de 2007 dat\u00e9 le 23 juillet 2007 est l\u2019\u00e9laboration et la publication de supports et ouvrages P\u00e9dagogiques pouvant aider les \u00e9l\u00e8ves dans leurs \u00e9tudes.<\/span>\n\n<span style=\"color: #000000;\">Le CERA publie \u00e9galement la Revue Tunisienne d\u2019Administration Publique.<\/span>\n\n<span style=\"color: #000000;\">Pour consulter ou t\u00e9l\u00e9charger la liste des ouvrages publi\u00e9s par le Centre d\u2019Expertise et de Recherches Administratives\u00a0:<\/span>\n\n<span style=\"color: #ff0000;\"><a style=\"color: #ff0000;\" href=\"http:\/\/193.95.2.39\/wp-content\/uploads\/2021\/04\/repertoire-des-ouvrages-edites-par-le-cera-_fichier-bilingue.pdf\" target=\"_blank\" rel=\"noopener\">T\u00e9l\u00e9charger (.pdf)<\/a><\/span><\/div>\n\t\t\t\t<\/div>\n\t\t\t\t<\/div>\n\t\t\t\t\t<\/div>\n\t\t<\/div>\n\t\t\t\t\t\t\t<\/div>\n\t\t<\/section>\n\t\t\t\t<section class=\"elementor-section elementor-top-section elementor-element elementor-element-2bb22ee elementor-section-boxed elementor-section-height-default elementor-section-height-default\" data-id=\"2bb22ee\" data-element_type=\"section\" data-settings=\"{&quot;background_background&quot;:&quot;classic&quot;}\">\n\t\t\t\t\t\t<div class=\"elementor-container elementor-column-gap-default\">\n\t\t\t\t\t<div class=\"elementor-column elementor-col-100 elementor-top-column elementor-element elementor-element-1522307\" data-id=\"1522307\" data-element_type=\"column\">\n\t\t\t<div class=\"elementor-widget-wrap elementor-element-populated\">\n\t\t\t\t\t\t\t\t<div class=\"elementor-element elementor-element-cfe287e elementor-widget elementor-widget-heading\" data-id=\"cfe287e\" data-element_type=\"widget\" data-widget_type=\"heading.default\">\n\t\t\t\t<div class=\"elementor-widget-container\">\n\t\t\t<h2 class=\"elementor-heading-title elementor-size-default\">S\u00e9minaires<\/h2>\t\t<\/div>\n\t\t\t\t<\/div>\n\t\t\t\t<div class=\"elementor-element elementor-element-419a6d3 elementor-widget elementor-widget-text-editor\" data-id=\"419a6d3\" data-element_type=\"widget\" data-widget_type=\"text-editor.default\">\n\t\t\t\t<div class=\"elementor-widget-container\">\n\t\t\t\t\t<div class=\"elementor-text-editor elementor-clearfix\"><p><span style=\"color: #000000;\">Une des t\u00e2ches attribu\u00e9e au Centre d\u2019expertise et de Recherches Administratives est l\u2019organisation de s\u00e9minaires, de colloques et de journ\u00e9es d\u2019\u00e9tudes portant sur des questions relatives \u00e0 l\u2019administration publique, les sciences administratives et la gestion publique.<\/span><\/p><p><span style=\"color: #000000;\">R\u00e9guli\u00e8rement sont organis\u00e9s des s\u00e9minaires, des forums nationaux et internationaux, \u00e0 l\u2019initiative de l\u2019\u00e9cole ou de diff\u00e9rents minist\u00e8res et institutions publiques \u00e0 l\u2019ENA.<\/span><\/p><p><span style=\"color: #000000;\">Au cours de l\u2019ann\u00e9e 2018, en coop\u00e9ration avec diff\u00e9rents intervenants comme la Banque mondiale, la Commission nationale pour la lutte contre le terrorisme et les divers services de la pr\u00e9sidence du gouvernement, des s\u00e9minaires et des formations ont \u00e9t\u00e9 organis\u00e9s abordant plusieurs sujets tel que \u00ab\u00a0le gel des avoirs des terroristes\u00a0\u00bb, \u00ab\u00a0les grandes r\u00e9formes et le\u00a0 programme de d\u00e9part volontaire des agents publics\u00a0\u00bb, \u00ab\u00a0le recours \u00e0 l\u2019arbitrage dans l\u2019investissement et le d\u00e9veloppement des comp\u00e9tences\u00a0\u00bb, \u00able partenariat entre le secteur public et le secteur priv\u00e9 \u00bb\u00a0 etc\u2026<\/span><\/p><p><span style=\"color: #000000;\">Le CERA, travaille \u00e0 cet \u00e9gard sur la valorisation et la diffusion de la documentation et des interventions dans ses diff\u00e9rentes publications.<\/span><\/p><\/div>\n\t\t\t\t<\/div>\n\t\t\t\t<\/div>\n\t\t\t\t\t<\/div>\n\t\t<\/div>\n\t\t\t\t\t\t\t<\/div>\n\t\t<\/section>\n\t\t\t\t<section class=\"elementor-section elementor-top-section elementor-element elementor-element-d589ca3 elementor-section-boxed elementor-section-height-default elementor-section-height-default\" data-id=\"d589ca3\" data-element_type=\"section\">\n\t\t\t\t\t\t<div class=\"elementor-container elementor-column-gap-default\">\n\t\t\t\t\t<div class=\"elementor-column elementor-col-100 elementor-top-column elementor-element elementor-element-2b15ebe\" data-id=\"2b15ebe\" data-element_type=\"column\">\n\t\t\t<div class=\"elementor-widget-wrap\">\n\t\t\t\t\t\t\t\t\t<\/div>\n\t\t<\/div>\n\t\t\t\t\t\t\t<\/div>\n\t\t<\/section>\n\t\t\t\t\t\t<\/div>\n\t\t\t\t\t<\/div>\n\t\t","protected":false},"excerpt":{"rendered":"<p>Centre d\u2019Expertise et de Recherches Administratives Le Centre d\u2019Expertise et de Recherches Administratives a \u00e9t\u00e9 cr\u00e9e en 1964 par la loi 64-44 du 3 novembre 1964 (Nomm\u00e9 Centre de Recherches et d\u2019Etudes Administratives). En 2007 par le d\u00e9cret 2007-1885 fixant l\u2019organisation administrative et financi\u00e8re de l\u2019\u00e9cole nationale d\u2019administration, ses fonctions ont \u00e9t\u00e9 \u00e9largies, et assure &hellip; <br \/><a href=\"https:\/\/www.ena.tn\/fr\/expertise-recherches-administratives\/centre-dexpertise-et-de-recherches-administratives\/\" class=\"more-link\">Continue reading <span class=\"screen-reader-text\">Centre d\u2019Expertise et de Recherches Administratives<\/span><\/a><\/p>\n","protected":false},"author":1,"featured_media":0,"parent":8942,"menu_order":0,"comment_status":"closed","ping_status":"closed","template":"","meta":{"footnotes":""},"class_list":["post-8827","page","type-page","status-publish","hentry"],"_links":{"self":[{"href":"https:\/\/www.ena.tn\/fr\/wp-json\/wp\/v2\/pages\/8827","targetHints":{"allow":["GET"]}}],"collection":[{"href":"https:\/\/www.ena.tn\/fr\/wp-json\/wp\/v2\/pages"}],"about":[{"href":"https:\/\/www.ena.tn\/fr\/wp-json\/wp\/v2\/types\/page"}],"author":[{"embeddable":true,"href":"https:\/\/www.ena.tn\/fr\/wp-json\/wp\/v2\/users\/1"}],"replies":[{"embeddable":true,"href":"https:\/\/www.ena.tn\/fr\/wp-json\/wp\/v2\/comments?post=8827"}],"version-history":[{"count":46,"href":"https:\/\/www.ena.tn\/fr\/wp-json\/wp\/v2\/pages\/8827\/revisions"}],"predecessor-version":[{"id":9074,"href":"https:\/\/www.ena.tn\/fr\/wp-json\/wp\/v2\/pages\/8827\/revisions\/9074"}],"up":[{"embeddable":true,"href":"https:\/\/www.ena.tn\/fr\/wp-json\/wp\/v2\/pages\/8942"}],"wp:attachment":[{"href":"https:\/\/www.ena.tn\/fr\/wp-json\/wp\/v2\/media?parent=8827"}],"curies":[{"name":"wp","href":"https:\/\/api.w.org\/{rel}","templated":true}]}}