{"id":8949,"date":"2021-04-15T18:33:20","date_gmt":"2021-04-15T17:33:20","guid":{"rendered":"http:\/\/193.95.2.39\/?page_id=8949"},"modified":"2024-03-14T12:33:53","modified_gmt":"2024-03-14T11:33:53","slug":"bibliotheque","status":"publish","type":"page","link":"https:\/\/www.ena.tn\/fr\/expertise-recherches-administratives\/bibliotheque\/","title":{"rendered":"Biblioth\u00e8que"},"content":{"rendered":"\t\t<div data-elementor-type=\"wp-page\" data-elementor-id=\"8949\" class=\"elementor elementor-8949\" data-elementor-settings=\"[]\">\n\t\t\t\t\t\t\t<div class=\"elementor-section-wrap\">\n\t\t\t\t\t\t\t<section class=\"elementor-section elementor-top-section elementor-element elementor-element-8975c7b elementor-section-boxed elementor-section-height-default elementor-section-height-default\" data-id=\"8975c7b\" data-element_type=\"section\">\n\t\t\t\t\t\t<div class=\"elementor-container elementor-column-gap-default\">\n\t\t\t\t\t<div class=\"elementor-column elementor-col-50 elementor-top-column elementor-element elementor-element-f3addde\" data-id=\"f3addde\" data-element_type=\"column\">\n\t\t\t<div class=\"elementor-widget-wrap elementor-element-populated\">\n\t\t\t\t\t\t\t\t<div class=\"elementor-element elementor-element-e7f81a8 elementor-widget elementor-widget-heading\" data-id=\"e7f81a8\" data-element_type=\"widget\" data-widget_type=\"heading.default\">\n\t\t\t\t<div class=\"elementor-widget-container\">\n\t\t\t<h2 class=\"elementor-heading-title elementor-size-default\">Biblioth\u00e8que<\/h2>\t\t<\/div>\n\t\t\t\t<\/div>\n\t\t\t\t<div class=\"elementor-element elementor-element-0209e33 elementor-widget elementor-widget-text-editor\" data-id=\"0209e33\" data-element_type=\"widget\" data-widget_type=\"text-editor.default\">\n\t\t\t\t<div class=\"elementor-widget-container\">\n\t\t\t\t\t<div class=\"elementor-text-editor elementor-clearfix\"><p><span style=\"color: #000000;\">La biblioth\u00e8que de l\u2019ENA a d\u00e9marr\u00e9, le 8 D\u00e9cembre 1965, date du premier enregistrement sur les registres d\u2019inventaires des monographies avec l\u2019ouvrage de : Georges VEDEL \u00abDroit Administratif\u00bb. Elle a pour mission de consolider la recherche, notamment en sciences administratives, et d\u2019appuyer l\u2019enseignement assur\u00e9 \u00e0 l\u2019\u00e9cole.\u00a0<\/span><br \/><span style=\"color: #000000;\">La biblioth\u00e8que dispose d\u2019un fonds documentaire sp\u00e9cialis\u00e9 mis \u00e0 la disposition des \u00e9l\u00e8ves et des chercheurs.\u00a0<\/span><\/p><\/div>\n\t\t\t\t<\/div>\n\t\t\t\t<\/div>\n\t\t\t\t\t<\/div>\n\t\t<\/div>\n\t\t\t\t<div class=\"elementor-column elementor-col-50 elementor-top-column elementor-element elementor-element-50e81e5\" data-id=\"50e81e5\" data-element_type=\"column\">\n\t\t\t<div class=\"elementor-widget-wrap elementor-element-populated\">\n\t\t\t\t\t\t\t\t<div class=\"elementor-element elementor-element-d81d36d elementor-widget elementor-widget-image\" data-id=\"d81d36d\" data-element_type=\"widget\" data-widget_type=\"image.default\">\n\t\t\t\t<div class=\"elementor-widget-container\">\n\t\t\t\t\t<div class=\"elementor-image\">\n\t\t\t\t\t\t\t\t\t\t<img loading=\"lazy\" decoding=\"async\" width=\"660\" height=\"440\" src=\"https:\/\/www.ena.tn\/wp-content\/uploads\/2021\/04\/slider-1-1024x683.jpg\" class=\"attachment-large size-large\" alt=\"\" srcset=\"https:\/\/www.ena.tn\/wp-content\/uploads\/2021\/04\/slider-1-1024x683.jpg 1024w, https:\/\/www.ena.tn\/wp-content\/uploads\/2021\/04\/slider-1-300x200.jpg 300w, https:\/\/www.ena.tn\/wp-content\/uploads\/2021\/04\/slider-1-768x512.jpg 768w, https:\/\/www.ena.tn\/wp-content\/uploads\/2021\/04\/slider-1-1536x1024.jpg 1536w, https:\/\/www.ena.tn\/wp-content\/uploads\/2021\/04\/slider-1-2048x1365.jpg 2048w\" sizes=\"auto, (max-width: 660px) 100vw, 660px\" \/>\t\t\t\t\t\t\t\t\t\t\t<\/div>\n\t\t\t\t<\/div>\n\t\t\t\t<\/div>\n\t\t\t\t\t<\/div>\n\t\t<\/div>\n\t\t\t\t\t\t\t<\/div>\n\t\t<\/section>\n\t\t\t\t<section class=\"elementor-section elementor-top-section elementor-element elementor-element-14e3110 elementor-section-boxed elementor-section-height-default elementor-section-height-default\" data-id=\"14e3110\" data-element_type=\"section\">\n\t\t\t\t\t\t<div class=\"elementor-container elementor-column-gap-default\">\n\t\t\t\t\t<div class=\"elementor-column elementor-col-50 elementor-top-column elementor-element elementor-element-72572f6\" data-id=\"72572f6\" data-element_type=\"column\">\n\t\t\t<div class=\"elementor-widget-wrap elementor-element-populated\">\n\t\t\t\t\t\t\t\t<div class=\"elementor-element elementor-element-b33dd9a elementor-widget elementor-widget-image\" data-id=\"b33dd9a\" data-element_type=\"widget\" data-widget_type=\"image.default\">\n\t\t\t\t<div class=\"elementor-widget-container\">\n\t\t\t\t\t<div class=\"elementor-image\">\n\t\t\t\t\t\t\t\t\t\t<img loading=\"lazy\" decoding=\"async\" width=\"660\" height=\"440\" src=\"https:\/\/www.ena.tn\/wp-content\/uploads\/2021\/04\/IMG_4467-1024x683.jpg\" class=\"attachment-large size-large\" alt=\"\" srcset=\"https:\/\/www.ena.tn\/wp-content\/uploads\/2021\/04\/IMG_4467-1024x683.jpg 1024w, https:\/\/www.ena.tn\/wp-content\/uploads\/2021\/04\/IMG_4467-300x200.jpg 300w, https:\/\/www.ena.tn\/wp-content\/uploads\/2021\/04\/IMG_4467-768x512.jpg 768w, https:\/\/www.ena.tn\/wp-content\/uploads\/2021\/04\/IMG_4467-1536x1024.jpg 1536w, https:\/\/www.ena.tn\/wp-content\/uploads\/2021\/04\/IMG_4467-2048x1365.jpg 2048w\" sizes=\"auto, (max-width: 660px) 100vw, 660px\" \/>\t\t\t\t\t\t\t\t\t\t\t<\/div>\n\t\t\t\t<\/div>\n\t\t\t\t<\/div>\n\t\t\t\t\t<\/div>\n\t\t<\/div>\n\t\t\t\t<div class=\"elementor-column elementor-col-50 elementor-top-column elementor-element elementor-element-a5c0998\" data-id=\"a5c0998\" data-element_type=\"column\">\n\t\t\t<div class=\"elementor-widget-wrap elementor-element-populated\">\n\t\t\t\t\t\t\t\t<div class=\"elementor-element elementor-element-d222882 elementor-widget elementor-widget-text-editor\" data-id=\"d222882\" data-element_type=\"widget\" data-widget_type=\"text-editor.default\">\n\t\t\t\t<div class=\"elementor-widget-container\">\n\t\t\t\t\t<div class=\"elementor-text-editor elementor-clearfix\"><p><span style=\"color: #000000;\">Il est constitu\u00e9 de plus de 65.000 documents qui couvrent notamment les disciplines suivantes<\/span><\/p><ul><li><span style=\"color: #000000;\">la fonction publique, le management public, les ressources humaines, les sciences politiques, droit, la sociologie \u2026<\/span><\/li><li><span style=\"color: #000000;\">l\u2019\u00e9conomie, la gestion, les finances publiques, la fiscalit\u00e9..<\/span><\/li><li><span style=\"color: #000000;\">les questions internationales<\/span><\/li><\/ul><\/div>\n\t\t\t\t<\/div>\n\t\t\t\t<\/div>\n\t\t\t\t\t<\/div>\n\t\t<\/div>\n\t\t\t\t\t\t\t<\/div>\n\t\t<\/section>\n\t\t\t\t<section class=\"elementor-section elementor-top-section elementor-element elementor-element-91f3e38 elementor-section-boxed elementor-section-height-default elementor-section-height-default\" data-id=\"91f3e38\" data-element_type=\"section\" data-settings=\"{&quot;background_background&quot;:&quot;classic&quot;}\">\n\t\t\t\t\t\t<div class=\"elementor-container elementor-column-gap-default\">\n\t\t\t\t\t<div class=\"elementor-column elementor-col-100 elementor-top-column elementor-element elementor-element-cceb10f\" data-id=\"cceb10f\" data-element_type=\"column\">\n\t\t\t<div class=\"elementor-widget-wrap elementor-element-populated\">\n\t\t\t\t\t\t\t\t<div class=\"elementor-element elementor-element-7e3b584 elementor-widget elementor-widget-heading\" data-id=\"7e3b584\" data-element_type=\"widget\" data-widget_type=\"heading.default\">\n\t\t\t\t<div class=\"elementor-widget-container\">\n\t\t\t<h3 class=\"elementor-heading-title elementor-size-default\">Liste des nouvelles acquisitions<\/h3>\t\t<\/div>\n\t\t\t\t<\/div>\n\t\t\t\t<div class=\"elementor-element elementor-element-d3d43bd elementor-widget elementor-widget-text-editor\" data-id=\"d3d43bd\" data-element_type=\"widget\" data-widget_type=\"text-editor.default\">\n\t\t\t\t<div class=\"elementor-widget-container\">\n\t\t\t\t\t<div class=\"elementor-text-editor elementor-clearfix\"><span style=\"color: #000000;\"><strong>Pour consulter ou t\u00e9l\u00e9charger les nouvelles acquisitions de la Biblioth\u00e8que :<span style=\"color: #ff0000;\">\u00a0<a style=\"color: #ff0000;\" href=\"http:\/\/www.ena.tn\/wp-content\/uploads\/2021\/04\/liste-des-nouvelles-acquisitions-fichier-bilingue.pdf\" target=\"_blank\" rel=\"noopener\">T\u00e9l\u00e9charger (.pdf)<\/a><\/span><\/strong><\/span><\/div>\n\t\t\t\t<\/div>\n\t\t\t\t<\/div>\n\t\t\t\t<div class=\"elementor-element elementor-element-240e405 elementor-widget elementor-widget-heading\" data-id=\"240e405\" data-element_type=\"widget\" data-widget_type=\"heading.default\">\n\t\t\t\t<div class=\"elementor-widget-container\">\n\t\t\t<h3 class=\"elementor-heading-title elementor-size-default\">Liste des abonnements en P\u00e9riodiques num\u00e9rique (cairn)<\/h3>\t\t<\/div>\n\t\t\t\t<\/div>\n\t\t\t\t<div class=\"elementor-element elementor-element-c02d030 elementor-widget elementor-widget-text-editor\" data-id=\"c02d030\" data-element_type=\"widget\" data-widget_type=\"text-editor.default\">\n\t\t\t\t<div class=\"elementor-widget-container\">\n\t\t\t\t\t<div class=\"elementor-text-editor elementor-clearfix\"><p><span style=\"color: #000000;\"><strong>Pour consulter ou t\u00e9l\u00e9charger la liste des abonnements aux revues \u00e9lectroniques en texte int\u00e9gral &nbsp;consultables \u00e0 la biblioth\u00e8que de l\u2019ENA&nbsp;:&nbsp;<span style=\"color: #ff0000;\"><a style=\"color: #ff0000;\" href=\"http:\/\/www.ena.tn\/wp-content\/uploads\/2021\/04\/liste-abonnements-revues-electroniques.pdf\" target=\"_blank\" rel=\"noopener\">T\u00e9l\u00e9charger (.pdf)<\/a><\/span><\/strong><\/span><\/p>\n<h3 style=\"color: #15205a;\" data-elementor-setting-key=\"title\" data-pen-placeholder=\"\u00c9crivez ici...\">Liste des ouvrages&nbsp; num\u00e9riques&nbsp;<a href=\"http:\/\/www.ena.tn\/wp-content\/uploads\/2024\/03\/liste-des-ouvrages-numeriques.pdf\" target=\"_blank\" rel=\"noopener\"><strong style=\"font-family: 'Open Sans', Helvetica, Arial, sans-serif; font-size: 15px; color: #000000;\"><span style=\"color: #ff0000;\"><span style=\"outline-color: initial; outline-width: initial;\">T\u00e9l\u00e9charger (.pdf)<\/span><\/span><\/strong><\/a><\/h3><\/div>\n\t\t\t\t<\/div>\n\t\t\t\t<\/div>\n\t\t\t\t\t<\/div>\n\t\t<\/div>\n\t\t\t\t\t\t\t<\/div>\n\t\t<\/section>\n\t\t\t\t<section class=\"elementor-section elementor-top-section elementor-element elementor-element-3744f0c elementor-section-boxed elementor-section-height-default elementor-section-height-default\" data-id=\"3744f0c\" data-element_type=\"section\">\n\t\t\t\t\t\t<div class=\"elementor-container elementor-column-gap-default\">\n\t\t\t\t\t<div class=\"elementor-column elementor-col-100 elementor-top-column elementor-element elementor-element-0fdbac3\" data-id=\"0fdbac3\" data-element_type=\"column\">\n\t\t\t<div class=\"elementor-widget-wrap\">\n\t\t\t\t\t\t\t\t\t<\/div>\n\t\t<\/div>\n\t\t\t\t\t\t\t<\/div>\n\t\t<\/section>\n\t\t\t\t\t\t<\/div>\n\t\t\t\t\t<\/div>\n\t\t","protected":false},"excerpt":{"rendered":"<p>Biblioth\u00e8que La biblioth\u00e8que de l\u2019ENA a d\u00e9marr\u00e9, le 8 D\u00e9cembre 1965, date du premier enregistrement sur les registres d\u2019inventaires des monographies avec l\u2019ouvrage de : Georges VEDEL \u00abDroit Administratif\u00bb. Elle a pour mission de consolider la recherche, notamment en sciences administratives, et d\u2019appuyer l\u2019enseignement assur\u00e9 \u00e0 l\u2019\u00e9cole.\u00a0La biblioth\u00e8que dispose d\u2019un fonds documentaire sp\u00e9cialis\u00e9 mis \u00e0 &hellip; <br \/><a href=\"https:\/\/www.ena.tn\/fr\/expertise-recherches-administratives\/bibliotheque\/\" class=\"more-link\">Continue reading <span class=\"screen-reader-text\">Biblioth\u00e8que<\/span><\/a><\/p>\n","protected":false},"author":1,"featured_media":0,"parent":8942,"menu_order":0,"comment_status":"closed","ping_status":"closed","template":"","meta":{"footnotes":""},"class_list":["post-8949","page","type-page","status-publish","hentry"],"_links":{"self":[{"href":"https:\/\/www.ena.tn\/fr\/wp-json\/wp\/v2\/pages\/8949","targetHints":{"allow":["GET"]}}],"collection":[{"href":"https:\/\/www.ena.tn\/fr\/wp-json\/wp\/v2\/pages"}],"about":[{"href":"https:\/\/www.ena.tn\/fr\/wp-json\/wp\/v2\/types\/page"}],"author":[{"embeddable":true,"href":"https:\/\/www.ena.tn\/fr\/wp-json\/wp\/v2\/users\/1"}],"replies":[{"embeddable":true,"href":"https:\/\/www.ena.tn\/fr\/wp-json\/wp\/v2\/comments?post=8949"}],"version-history":[{"count":36,"href":"https:\/\/www.ena.tn\/fr\/wp-json\/wp\/v2\/pages\/8949\/revisions"}],"predecessor-version":[{"id":21792,"href":"https:\/\/www.ena.tn\/fr\/wp-json\/wp\/v2\/pages\/8949\/revisions\/21792"}],"up":[{"embeddable":true,"href":"https:\/\/www.ena.tn\/fr\/wp-json\/wp\/v2\/pages\/8942"}],"wp:attachment":[{"href":"https:\/\/www.ena.tn\/fr\/wp-json\/wp\/v2\/media?parent=8949"}],"curies":[{"name":"wp","href":"https:\/\/api.w.org\/{rel}","templated":true}]}}